{"id":148,"date":"2020-03-02T08:00:58","date_gmt":"2020-03-02T08:00:58","guid":{"rendered":"https:\/\/horizontal20.at\/?post_type=portfolio&#038;p=148"},"modified":"2020-08-28T09:32:11","modified_gmt":"2020-08-28T09:32:11","slug":"phi-lantropie","status":"publish","type":"portfolio","link":"https:\/\/horizontal20.at\/index.php\/portfolio\/phi-lantropie\/","title":{"rendered":"phi lantropie"},"content":{"rendered":"<p>[vc_row unlock_row_content=&#8220;yes&#8220; row_height_percent=&#8220;0&#8243; override_padding=&#8220;yes&#8220; h_padding=&#8220;0&#8243; top_padding=&#8220;0&#8243; bottom_padding=&#8220;0&#8243; back_color=&#8220;color-wayh&#8220; overlay_alpha=&#8220;50&#8243; gutter_size=&#8220;3&#8243; column_width_percent=&#8220;100&#8243; shift_y=&#8220;0&#8243; z_index=&#8220;0&#8243;][vc_column width=&#8220;1\/1&#8243;][vc_single_image media=&#8220;151&#8243; media_width_percent=&#8220;100&#8243; media_ratio=&#8220;twentyone-nine&#8220;][\/vc_column][\/vc_row][vc_row][vc_column width=&#8220;1\/1&#8243;][vc_column_text]<\/p>\n<h1><span class=\"font-150705\">\u00bbphi lanthropie\u00ab<\/span><\/h1>\n<h2 class=\"p1\"><span class=\"font-150705\">Musikalische Wanderung<\/span><\/h2>\n<h3><span class=\"font-150705\">28. August 2020, 19:00 \u2013 <\/span>um Anmeldung wird gebeten!<\/h3>\n<p class=\"p1\"><span class=\"font-150705\">Die Perspektive ist eine geometrische Konstruktion, die in der Renaissance in die Bildgestaltung eingeflossen ist. Die Besch\u00e4ftigung mit dem menschlichen Ma\u00df und den Fluchten unendlicher Reihen besch\u00e4ftigte nicht nur Fibunacci, sondern auch Hans K\u00f6llich bei der Anlage seines \u00bblabyrinthischen\u00ab Gartens in Kirschentheuer. Der Weg in der Spirale hin zu den Wendepunkten, die Bewegung zu den zentralen und den peripheren Orten, das Erleben der r\u00e4umlichen Dimension<span class=\"Apple-converted-space\">\u00a0 <\/span>beim Betreten, Fortschreiten und Vollenden des Pfades, macht den menschlichen Ma\u00dfstab, der dieser Gestaltung zugrunde liegt, sp\u00fcrbar. Das Prinzip der Spirale ist das Fortschreiten.Jedes Ende einer Wanderung ist der Beginn einer neuen.Wolfgang Puschnig und das Koehne Quartett f\u00fchren die Teilnehmer bei ihren Wanderungen durch sich st\u00e4ndig ver\u00e4ndernde musikalische R\u00e4ume. Die Musiker bewegen sich choreografisch zwischen speziell \u00bbstarken\u00ab, konstruktiven Punkten au\u00dferhalb der Wegf\u00fchrungen und schaffen so ein einzigartiges dynamisches sinnliches Klangerlebnis.<\/span><\/p>\n<p>Anmeldung unter: info@horizontal20.at<\/p>\n<h4 class=\"p1\"><span class=\"font-150705\">johann k\u00f6llich<\/span><\/h4>\n<p class=\"p1\"><span class=\"font-150705\">*1959 in Klagenfurt<\/span><\/p>\n<p class=\"p1\">Ab 1980 Aufbau und F\u00fchrung des Gewerbebetriebes Lebensenergiezentrum mit Lebensenergiemanagement \u00bbLebensraum-Consulting\u00ab. Dezember 1993: \u00dcbernahme der elterlichen Land- und Forstwirtschaft. Ab 1988 Trainert\u00e4tigkeit in den Bereichen Orts- und Regionalentwicklung, Team- und Betriebsentwicklung, Organisationsentwicklung. 1993 bis 1995 Aufbau und Organisation des Regionalentwicklungsprojektes \u00bbCarnica- Rosental\u00ab, Projektleitung und Entwicklung des EU-LEADER Programms \u00bbCarnica- Rosental\u00ab in Abstimmung mit Gemeinden, Land, Bundeskanzleramt und EU. Seit 1994 selbstst\u00e4ndige Trainer- und Beratungst\u00e4tigkeit mit den Schwerpunkten Organisationsentwicklung, Teamentwicklung, Moderations- und Pr\u00e4sentationstechnik. Seit 2000: Aufbau der Erlebnis-Seminaranlage in Kirschentheuer mit dem Umsetzungsschwerpunkt \u00bbVerankerung von Managementans\u00e4tzen mit Sinnbildern der Natur\u00ab. Seit 2005 selbstst\u00e4ndiger Unternehmensberater, Wirtschaftstrainer und Coach. Seit 2016 Aufbau des Entwicklungsplatzes \u00bbGolden Spiral Flow\u00ab mit insgesamt acht Fibonacci-Spiralen als Begegnungsraum f\u00fcr Trainingsans\u00e4tze in der Pers\u00f6nlichkeits- und Betriebsentwicklung.<\/p>\n<h4 class=\"p1\"><span class=\"font-150705\">wolfgang puschnig<\/span><\/h4>\n<p class=\"p1\"><span class=\"font-150705\">*1956 in Klagenfurt<\/span><\/p>\n<p class=\"p1\"><span class=\"font-150705\">\u00d6sterreichischer Jazzmusiker. Nach seinem Studium von Saxophon und Fl\u00f6te am Wiener Konservatorium war Puschnig Mitte der 1970er Jahre mit Mathias R\u00fcegg Gr\u00fcndungsmitglied des Vienna Art Orchestra, in dem er bis 1989 aktiv war. Er war auch an den Ernst Jandl-Projekten mit Lauren Newton beteiligt. Daneben spielte er Anfang der 1980er mit Hans Koller, mit dem Quartett Air Mail und mit saxofour. Mitte der 1980er holte ihn Carla Bley in ihre Gruppen. Mit Wolfgang Mitterer, Uli Scherer, seiner langj\u00e4hrigen Partnerin Linda Sharrock und mit Jamaaladeen Tacuma arbeitete er in verschiedenen Gruppen zusammen; dazu ist in den letzten Jahren vermehrt die Zusammenarbeit mit Reinhard Flatischler, Herbert Joos, Christof Lauer und Michel Godard getreten. Im Projekt \u00bbAlpine Aspects\u00ab spielt er seit 1991 mit Jazzmusikern und den Amstettener Musikanten zusammen (zuletzt auf dem JazzFest Berlin 2006 sowie am Musikfest Waidhofen\/Thaya 2007). Daneben ist er immer wieder mit dem koreanischen Perkussionsensemble SamulNori aufgetreten. Puschnig ist Professor an der Universit\u00e4t f\u00fcr Musik und darstellende Kunst Wien und Vorstand des dortigen Instituts f\u00fcr Popularmusik. 1998: Hans-Koller-Preis. 2004 erhielt er \u2013 als erster Musiker \u2013 die Ehrendoktorw\u00fcrde (Dr. h. c.) der Alpen-Adria-Universit\u00e4t Klagenfurt,<span class=\"Apple-converted-space\">\u00a0 <\/span>2016 das Gro\u00dfe Ehrenzeichen des Landes K\u00e4rnten.<\/span><\/p>\n<h4 class=\"p1\"><span class=\"font-150705\">koehne quartett<\/span><\/h4>\n<p class=\"p1\"><span class=\"font-150705\">Joanna Lewis, Anne Harvey-Nagl, Lena Fankhauser, Melissa Coleman<\/span><\/p>\n<p class=\"p1\"><span class=\"font-150705\">Das Koehne Quartett, 1987 gegr\u00fcndet von Joanna Lewis, z\u00e4hlt zu den \u00fcberragenden Interpreten zeitgen\u00f6ssischer Musik in Mitteleuropa. Das Repertoire des Quartetts spannt einen gro\u00dfen musikalischen Bogen von klassischen Komponisten f\u00fcr Streichquartett bis zu Werken des 20. und 21. Jahrhunderts. Von Beginn an suchte das Quartett vor allem die enge Zusammenarbeit mit den Komponisten, deren Musik es spielt, um eine m\u00f6glichst hohe authentische und lebendige Interpretation ihrer Werke zu erreichen.<\/span><\/p>\n<h3><span class=\"font-150705\">Veranstaltungsort<\/span><\/h3>\n<p><span class=\"font-150705\">Babniakbach\/Kleine DrauKirschentheuer9162 Ferlach<\/span><\/p>\n<h1>\u00bbphi lanthropie\u00ab<\/h1>\n<h2>Glasbeni sprehod<\/h2>\n<h3>28. avgust 2020, 19:00<\/h3>\n<p>Perspektiva je geometri\u010dna konstrukcija, ki je v \u010dasu renesanse postala pomembna za oblikovanje slike. \u010clovekove mere in neskon\u010dna zaporedja niso zaposlovale le Fibonaccija, temve\u010d tudi Hansa K\u00f6llicha, ko je pripravljal zasnovo za svoj \u201elabirintski\u201c vrt v Ko\u017eentavri. Pot v spirali do prevoja, gibanje h sredi\u0161\u010du in obrobju, do\u017eivljanje prostorske razse\u017enosti pri vstopanju, hoji in zapu\u0161\u010danju potke nam pomaga, da za\u010dutimo \u010dlovekovo merilo, ki je podlaga tega labirinta. Princip spirale je nadaljevanje. Vsak konec sprehoda je za\u010detek novega. Wolfgang Puschnig in Koehne Quartett bodo udele\u017eence popeljali skozi spreminjajo\u010de se glasbene prostore. Glasbeniki se bodo koreografsko gibali med posebnimi \u201emo\u010dnimi\u201c, konstruktivnimi to\u010dkami zunaj za\u010drtanih poti in tako ustvarjali enkratno dinami\u010dno \u010dutno do\u017eivetje.<\/p>\n<h4>johann k\u00f6llich<\/h4>\n<p>*1959 v Celovcu<\/p>\n<p>1978\/1979 \u0161tudij medicine na Dunaju, po zimskem semestru prekinitev zaradi bolezni o\u010di. Od 1979 do 1980 Avstrijska finan\u010dna uprava. Od 1980 ustanovitev in vodenje centra za \u017eivljenjsko energijo in upravljanje \u017eivljenjske energije \u00bbLebensraum-Consulting\u00ab. December 1993: prevzem kmetije od star\u0161ev. Od leta 1988 vodi usposabljanja o razvoju naselij in regij, razvoju podjetij in ekip, razvoju organizacije. \u00a0Od 1993 do 1995 ustanovitev in organizacija regionalnega razvojnega projekta \u00bbCarnica-Ro\u017e\u00ab, vodenje projekta \u00a0iz programa EU-LEADER \u00bbCarnica-Ro\u017e\u00ab ter usklajevanje z ob\u010dinami, de\u017eelo, uradom zveznega kanclerja in EU. Od leta 1994 samostojen svetovalec na podro\u010dju razvoja organizacij in ekip, tehnike povezovanja in predstavitve. Od leta 2000: \u00a0Ustanovitev do\u017eivljajskega seminarskega centra v Ko\u017eentavri s poudarkom na \u201epovezovanju managerskih pristopov s simboli iz narave\u201c. Od leta 2005 samostojen svetovalec in podjetni\u0161ki trener.\u00a0 Od leta 2016 vodenje razvojnega centra \u00bbGolden Spiral Flow\u00ab z osmimi Fibonaccijevimi spiralami in prostorom za gibanje in usposabljanje.<\/p>\n<h4>wolfgang puschnig<\/h4>\n<p>*1956 v Celovcu<\/p>\n<p>Avstrijski jazzist. Po \u0161tudiju saksofona in flavte na Dunajskem konservatoriju je v sredini 70. let prej\u0161njega stoletja skupaj s Mathiasom R\u00fceggom ustanovil Vienna Art Orchestra, v katerem je deloval do 1989. Z Lauren Newton je sodeloval tudi pri projektih Ernsta Jandla. Ob tem je v za\u010detku 80. let nastopal s \u00a0Hansom Kollerjem, kvartetom Air Mail in skupino saxofour. V sredini 80. let ga Carla Bley povabila v svoje skupine. Z Wolfgangom Mittererjem, Ulijem Schererjem, svojo dolgoletno parnterico Lindo Sharrock in z \u00a0Jamaaladeenom Tacumo je sodeloval v razli\u010dnih skupinah. V zadnjih letih je nastopal bolj pogosto z \u00a0Reinhardom Flatischlerjem, Herbertom Joosem, Christofom Lauerjem in Michelom Godardom. V projektu \u00bbAlpine Aspects\u00ab sodeluje \u017ee od leta 1991 z jazzisti in zasedbo Amstettener Musikanten (nazadnje na \u00a0JazzFest Berlin 2006 ter na festivalu v Waidhofnu\/Thaya 2007). Ob tem je vedno znova nastopal s korenaskim ansamblom tolkal SamulNori. Puschnig je profesor na Univerzi za glasbo in upodabljajo\u010de umetnosti na Dunaju in prestojnik oddelka za popularno glasbo. 1998: Nagrada Hansa Kollerja. 2004 je kot prvi glasbenik postal \u010dastni doktor (dr. h. c.) Univerze v Celovcu,\u00a0\u00a02016 je prejel Veliki \u010dastni znak de\u017eele Koro\u0161ke.<\/p>\n<h4>koehne quartett<\/h4>\n<p>Joanna Lewis, Anne Harvey-Nagl, Lena Fankhauser, Melissa Coleman<\/p>\n<p>Koehne Quartett, ki ga je 1987 ustanovila Joanna Lewis, spada med vrhunske izvajalce sodobne glasbe v Srednji Evropi. Repertoar kvarteta tvori velik glasbeni lok od klasi\u010dnih skladateljev za godala do del 20. in 21. stoletja. Od samega za\u010detka si je kvartet prizadeval za tesno sodelovanje s skladatelji, ki so jih izvajali, da bi tako njihova dela interpretirali kar se da avtenti\u010dno in \u017eivo.<\/p>\n<h3>Kraj prireditve<\/h3>\n<p>Potok Babnjak\/Mala Drava Ko\u017eentavra 9162 Borovlje<\/p>\n<p>&nbsp;[\/vc_column_text][vc_gmaps map_color=&#8220;color-xsdn&#8220; ui_color=&#8220;color-xsdn&#8220; zoom=&#8220;14&#8243; map_saturation=&#8220;-20&#8243; map_brightness=&#8220;5&#8243; mobile_no_drag=&#8220;yes&#8220; latlon=&#8220;46.535565, 14.261076&#8243; size=&#8220;500&#8243; address=&#8220;Babniakbach\/Kleine Drau<br \/>\nKirschentheuer<br \/>\n9162 Ferlach&#8220;][\/vc_column][\/vc_row]<\/p>\n","protected":false},"excerpt":{"rendered":"<p>[vc_row unlock_row_content=&#8220;yes&#8220; row_height_percent=&#8220;0&#8243; override_padding=&#8220;yes&#8220; h_padding=&#8220;0&#8243; top_padding=&#8220;0&#8243; bottom_padding=&#8220;0&#8243; back_color=&#8220;color-wayh&#8220; overlay_alpha=&#8220;50&#8243; gutter_size=&#8220;3&#8243; column_width_percent=&#8220;100&#8243; shift_y=&#8220;0&#8243; z_index=&#8220;0&#8243;][vc_column width=&#8220;1\/1&#8243;][vc_single_image media=&#8220;151&#8243; media_width_percent=&#8220;100&#8243; media_ratio=&#8220;twentyone-nine&#8220;][\/vc_column][\/vc_row][vc_row][vc_column width=&#8220;1\/1&#8243;][vc_column_text] \u00bbphi lanthropie\u00ab [&hellip;]<\/p>\n","protected":false},"author":2,"featured_media":385,"parent":0,"menu_order":0,"comment_status":"closed","ping_status":"closed","template":"","meta":[],"portfolio_category":[],"_links":{"self":[{"href":"https:\/\/horizontal20.at\/index.php\/wp-json\/wp\/v2\/portfolio\/148"}],"collection":[{"href":"https:\/\/horizontal20.at\/index.php\/wp-json\/wp\/v2\/portfolio"}],"about":[{"href":"https:\/\/horizontal20.at\/index.php\/wp-json\/wp\/v2\/types\/portfolio"}],"author":[{"embeddable":true,"href":"https:\/\/horizontal20.at\/index.php\/wp-json\/wp\/v2\/users\/2"}],"replies":[{"embeddable":true,"href":"https:\/\/horizontal20.at\/index.php\/wp-json\/wp\/v2\/comments?post=148"}],"version-history":[{"count":14,"href":"https:\/\/horizontal20.at\/index.php\/wp-json\/wp\/v2\/portfolio\/148\/revisions"}],"predecessor-version":[{"id":585,"href":"https:\/\/horizontal20.at\/index.php\/wp-json\/wp\/v2\/portfolio\/148\/revisions\/585"}],"wp:featuredmedia":[{"embeddable":true,"href":"https:\/\/horizontal20.at\/index.php\/wp-json\/wp\/v2\/media\/385"}],"wp:attachment":[{"href":"https:\/\/horizontal20.at\/index.php\/wp-json\/wp\/v2\/media?parent=148"}],"wp:term":[{"taxonomy":"portfolio_category","embeddable":true,"href":"https:\/\/horizontal20.at\/index.php\/wp-json\/wp\/v2\/portfolio_category?post=148"}],"curies":[{"name":"wp","href":"https:\/\/api.w.org\/{rel}","templated":true}]}}